{"id":13321,"date":"2021-04-08T18:13:36","date_gmt":"2021-04-08T18:13:36","guid":{"rendered":"https:\/\/caritasrosario.com.ar\/inicio\/?page_id=13321"},"modified":"2025-12-11T14:37:41","modified_gmt":"2025-12-11T14:37:41","slug":"como-ayudar","status":"publish","type":"page","link":"https:\/\/caritasrosario.com.ar\/inicio\/como-ayudar\/","title":{"rendered":"\u00bfComo Ayudar?"},"content":{"rendered":"\t\t<div data-elementor-type=\"wp-page\" data-elementor-id=\"13321\" class=\"elementor elementor-13321\">\n\t\t\t\t\t\t<section class=\"elementor-section elementor-top-section elementor-element elementor-element-993c880 elementor-section-boxed elementor-section-height-default elementor-section-height-default\" data-id=\"993c880\" data-element_type=\"section\">\n\t\t\t\t\t\t<div class=\"elementor-container elementor-column-gap-default\">\n\t\t\t\t\t<div class=\"elementor-column elementor-col-100 elementor-top-column elementor-element elementor-element-bfba194\" data-id=\"bfba194\" data-element_type=\"column\">\n\t\t\t<div class=\"elementor-widget-wrap elementor-element-populated\">\n\t\t\t\t\t\t<div class=\"elementor-element elementor-element-c835ee8 elementor-widget elementor-widget-text-editor\" data-id=\"c835ee8\" data-element_type=\"widget\" data-widget_type=\"text-editor.default\">\n\t\t\t\t<div class=\"elementor-widget-container\">\n\t\t\t\t\t\t\t\t\t<p><strong><span style=\"color: #000080;\">C\u00c1RITAS ROSARIO<\/span><\/strong><\/p><p><span style=\"color: #000080;\">F<\/span><span style=\"color: #000080;\">uncionamos gracias a la generosidad de las personas que colaboran con nuestra obra, tambi\u00e9n trabajamos en articulaci\u00f3n con organismos sociales, programas del Estado, en sus diferentes niveles.<\/span><\/p><p><span style=\"color: #000080;\">C\u00e1ritas Rosario abarca toda la Arquidi\u00f3cesis de Rosario, con presencia en la mayor\u00eda de las 121 parroquias, 280 capillas, gracias al compromiso de voluntarios y sacerdotes.<\/span><\/p><p><strong><span style=\"color: #000080;\">\u00bfC\u00d3MO COLABORAR CON C\u00c1RITAS?<\/span><\/strong><\/p><p><span style=\"color: #000080;\"><span style=\"font-family: var( --e-global-typography-text-font-family ), Sans-serif; font-weight: var( --e-global-typography-text-font-weight ); color: #000080;\"><strong>\u2022<\/strong><\/span>Donaciones de mercader\u00edas y muebles: pueden acercar sus donaciones de muebles conservados en buen estado, vestimenta, calzados, ropa de cama, todo lo que crea que pueda ser de utilidad. Acercarse a la parroquia m\u00e1s pr\u00f3xima al domicilio o a la sede de C\u00e1ritas (Balcarce 1077).<\/span><\/p><p><span style=\"font-family: var( --e-global-typography-text-font-family ), Sans-serif; font-weight: var( --e-global-typography-text-font-weight ); color: #000080;\"><strong>\u2022 <\/strong><\/span><span style=\"font-family: var( --e-global-typography-text-font-family ), Sans-serif; font-weight: var( --e-global-typography-text-font-weight ); color: #000080;\">Donaci\u00f3n v\u00eda transferencia o dep\u00f3sito bancario a nombre de C\u00e1ritas Argentina Rosario-(Arzobispado), en las siguientes cuentas corrientes:<\/span><\/p><h4><span style=\"color: #000080;\"><strong>\u2022 Banco Credicoop<\/strong><\/span><\/h4><p><span style=\"color: #000080;\">N\u00ba Cta. Cte. 597162-9 (sucursal 274)<\/span><br \/><span style=\"color: #000080;\">CBU 1910274855027459716296 <\/span><br \/><span style=\"color: #000080;\">CUIT: 30-67445701-0 <\/span><br \/><span style=\"color: #000080;\">Alias: caritasros.credicoop<\/span><\/p><h4><span style=\"color: #000080;\"><strong>\u2022 Nuevo Banco de Santa Fe<\/strong><\/span><\/h4><p><span style=\"color: #000080;\">N\u00ba Cta Cte: 45227702 (Sucursal 000)<\/span><br \/><span style=\"color: #000080;\">CBU 3300000610000452277020<\/span><br \/><span style=\"color: #000080;\">CUIT: 30-67445701-0<\/span><br \/><span style=\"color: #000080;\">Alias: CARITAS.ROSARIO<\/span><\/p><p><span style=\"color: #000080;\">MERCADO PAGO: caritasrosario.mp<\/span><\/p><p><span style=\"color: #000080;\">\u00a0<\/span><\/p>\t\t\t\t\t\t\t\t<\/div>\n\t\t\t\t<\/div>\n\t\t\t\t\t<\/div>\n\t\t<\/div>\n\t\t\t\t\t<\/div>\n\t\t<\/section>\n\t\t\t\t<section class=\"elementor-section elementor-top-section elementor-element elementor-element-774ab37 elementor-section-boxed elementor-section-height-default elementor-section-height-default\" data-id=\"774ab37\" data-element_type=\"section\">\n\t\t\t\t\t\t<div class=\"elementor-container elementor-column-gap-default\">\n\t\t\t\t\t<div class=\"elementor-column elementor-col-100 elementor-top-column elementor-element elementor-element-56f35ab\" data-id=\"56f35ab\" data-element_type=\"column\">\n\t\t\t<div class=\"elementor-widget-wrap elementor-element-populated\">\n\t\t\t\t\t\t<div class=\"elementor-element elementor-element-ebad541 elementor-widget elementor-widget-heading\" data-id=\"ebad541\" data-element_type=\"widget\" data-widget_type=\"heading.default\">\n\t\t\t\t<div class=\"elementor-widget-container\">\n\t\t\t\t\t<h2 class=\"elementor-heading-title elementor-size-default\">OTROS MEDIOS DE PAGOS<\/h2>\t\t\t\t<\/div>\n\t\t\t\t<\/div>\n\t\t\t\t\t<\/div>\n\t\t<\/div>\n\t\t\t\t\t<\/div>\n\t\t<\/section>\n\t\t\t\t<section class=\"elementor-section elementor-top-section elementor-element elementor-element-887e5c6 elementor-section-boxed elementor-section-height-default elementor-section-height-default\" data-id=\"887e5c6\" data-element_type=\"section\">\n\t\t\t\t\t\t<div class=\"elementor-container elementor-column-gap-default\">\n\t\t\t\t\t<div class=\"elementor-column elementor-col-50 elementor-top-column elementor-element elementor-element-a6e7071\" data-id=\"a6e7071\" data-element_type=\"column\">\n\t\t\t<div class=\"elementor-widget-wrap elementor-element-populated\">\n\t\t\t\t\t\t<div class=\"elementor-element elementor-element-e983ec8 elementor-widget elementor-widget-image\" data-id=\"e983ec8\" data-element_type=\"widget\" data-widget_type=\"image.default\">\n\t\t\t\t<div class=\"elementor-widget-container\">\n\t\t\t\t\t\t\t\t\t\t\t\t\t\t\t<img fetchpriority=\"high\" decoding=\"async\" width=\"366\" height=\"583\" src=\"https:\/\/caritasrosario.com.ar\/inicio\/wp-content\/uploads\/2021\/06\/Captura-de-Pantalla-2021-06-02-a-las-16.38.43.png\" class=\"attachment-large size-large wp-image-14680\" alt=\"\" srcset=\"https:\/\/caritasrosario.com.ar\/inicio\/wp-content\/uploads\/2021\/06\/Captura-de-Pantalla-2021-06-02-a-las-16.38.43.png 366w, https:\/\/caritasrosario.com.ar\/inicio\/wp-content\/uploads\/2021\/06\/Captura-de-Pantalla-2021-06-02-a-las-16.38.43-188x300.png 188w\" sizes=\"(max-width: 366px) 100vw, 366px\" \/>\t\t\t\t\t\t\t\t\t\t\t\t\t\t\t<\/div>\n\t\t\t\t<\/div>\n\t\t\t\t\t<\/div>\n\t\t<\/div>\n\t\t\t\t<div class=\"elementor-column elementor-col-50 elementor-top-column elementor-element elementor-element-6066e54\" data-id=\"6066e54\" data-element_type=\"column\">\n\t\t\t<div class=\"elementor-widget-wrap elementor-element-populated\">\n\t\t\t\t\t\t<div class=\"elementor-element elementor-element-26cd819 elementor-widget-divider--view-line elementor-widget elementor-widget-divider\" data-id=\"26cd819\" data-element_type=\"widget\" data-widget_type=\"divider.default\">\n\t\t\t\t<div class=\"elementor-widget-container\">\n\t\t\t\t\t\t\t<div class=\"elementor-divider\">\n\t\t\t<span class=\"elementor-divider-separator\">\n\t\t\t\t\t\t<\/span>\n\t\t<\/div>\n\t\t\t\t\t\t<\/div>\n\t\t\t\t<\/div>\n\t\t\t\t\t<\/div>\n\t\t<\/div>\n\t\t\t\t\t<\/div>\n\t\t<\/section>\n\t\t\t\t<\/div>\n\t\t","protected":false},"excerpt":{"rendered":"<p>C\u00c1RITAS ROSARIO Funcionamos gracias a la generosidad de las personas que colaboran con nuestra obra, tambi\u00e9n trabajamos en articulaci\u00f3n con organismos sociales, programas del Estado, en sus diferentes niveles. C\u00e1ritas Rosario abarca toda la Arquidi\u00f3cesis de Rosario, con presencia en la mayor\u00eda de las 121 parroquias, 280 capillas, gracias al compromiso de voluntarios y sacerdotes&#8230;.<\/p>\n","protected":false},"author":2,"featured_media":0,"parent":0,"menu_order":0,"comment_status":"closed","ping_status":"closed","template":"","meta":{"footnotes":""},"class_list":["post-13321","page","type-page","status-publish","hentry"],"yoast_head":"<!-- This site is optimized with the Yoast SEO plugin v27.5 - https:\/\/yoast.com\/product\/yoast-seo-wordpress\/ -->\n<title>\u00bfComo Ayudar? - Caritas Rosario<\/title>\n<meta name=\"description\" content=\"En el contexto de la emergencia sanitaria que estamos viviendo, la Colecta Anual de C\u00e1ritas se convierte en una oportunidad privilegiada de encuentro solidario. Hoy, m\u00e1s que nunca, nos reunimos como comunidad creyente para hacer un llamado a toda la sociedad, con el fin de crear mayor conciencia y promover el compromiso con los hermanos m\u00e1s pobres y excluidos de nuestro pa\u00eds.\" \/>\n<meta name=\"robots\" content=\"index, follow, max-snippet:-1, max-image-preview:large, max-video-preview:-1\" \/>\n<link rel=\"canonical\" href=\"https:\/\/caritasrosario.com.ar\/inicio\/como-ayudar\/\" \/>\n<meta property=\"og:locale\" content=\"es_ES\" \/>\n<meta property=\"og:type\" content=\"article\" \/>\n<meta property=\"og:title\" content=\"\u00bfComo Ayudar? - Caritas Rosario\" \/>\n<meta property=\"og:description\" content=\"En el contexto de la emergencia sanitaria que estamos viviendo, la Colecta Anual de C\u00e1ritas se convierte en una oportunidad privilegiada de encuentro solidario. Hoy, m\u00e1s que nunca, nos reunimos como comunidad creyente para hacer un llamado a toda la sociedad, con el fin de crear mayor conciencia y promover el compromiso con los hermanos m\u00e1s pobres y excluidos de nuestro pa\u00eds.\" \/>\n<meta property=\"og:url\" content=\"https:\/\/caritasrosario.com.ar\/inicio\/como-ayudar\/\" \/>\n<meta property=\"og:site_name\" content=\"Caritas Rosario\" \/>\n<meta property=\"article:modified_time\" content=\"2025-12-11T14:37:41+00:00\" \/>\n<meta property=\"og:image\" content=\"https:\/\/caritasrosario.com.ar\/inicio\/wp-content\/uploads\/2021\/06\/Captura-de-Pantalla-2021-06-02-a-las-16.38.43.png\" \/>\n\t<meta property=\"og:image:width\" content=\"366\" \/>\n\t<meta property=\"og:image:height\" content=\"583\" \/>\n\t<meta property=\"og:image:type\" content=\"image\/png\" \/>\n<meta name=\"twitter:card\" content=\"summary_large_image\" \/>\n<meta name=\"twitter:label1\" content=\"Tiempo de lectura\" \/>\n\t<meta name=\"twitter:data1\" content=\"1 minuto\" \/>\n<script type=\"application\/ld+json\" class=\"yoast-schema-graph\">{\"@context\":\"https:\\\/\\\/schema.org\",\"@graph\":[{\"@type\":\"WebPage\",\"@id\":\"https:\\\/\\\/caritasrosario.com.ar\\\/inicio\\\/como-ayudar\\\/\",\"url\":\"https:\\\/\\\/caritasrosario.com.ar\\\/inicio\\\/como-ayudar\\\/\",\"name\":\"\u00bfComo Ayudar? - Caritas Rosario\",\"isPartOf\":{\"@id\":\"https:\\\/\\\/caritasrosario.com.ar\\\/inicio\\\/#website\"},\"primaryImageOfPage\":{\"@id\":\"https:\\\/\\\/caritasrosario.com.ar\\\/inicio\\\/como-ayudar\\\/#primaryimage\"},\"image\":{\"@id\":\"https:\\\/\\\/caritasrosario.com.ar\\\/inicio\\\/como-ayudar\\\/#primaryimage\"},\"thumbnailUrl\":\"https:\\\/\\\/caritasrosario.com.ar\\\/inicio\\\/wp-content\\\/uploads\\\/2021\\\/06\\\/Captura-de-Pantalla-2021-06-02-a-las-16.38.43.png\",\"datePublished\":\"2021-04-08T18:13:36+00:00\",\"dateModified\":\"2025-12-11T14:37:41+00:00\",\"description\":\"En el contexto de la emergencia sanitaria que estamos viviendo, la Colecta Anual de C\u00e1ritas se convierte en una oportunidad privilegiada de encuentro solidario. Hoy, m\u00e1s que nunca, nos reunimos como comunidad creyente para hacer un llamado a toda la sociedad, con el fin de crear mayor conciencia y promover el compromiso con los hermanos m\u00e1s pobres y excluidos de nuestro pa\u00eds.\",\"breadcrumb\":{\"@id\":\"https:\\\/\\\/caritasrosario.com.ar\\\/inicio\\\/como-ayudar\\\/#breadcrumb\"},\"inLanguage\":\"es\",\"potentialAction\":[{\"@type\":\"ReadAction\",\"target\":[\"https:\\\/\\\/caritasrosario.com.ar\\\/inicio\\\/como-ayudar\\\/\"]}]},{\"@type\":\"ImageObject\",\"inLanguage\":\"es\",\"@id\":\"https:\\\/\\\/caritasrosario.com.ar\\\/inicio\\\/como-ayudar\\\/#primaryimage\",\"url\":\"https:\\\/\\\/caritasrosario.com.ar\\\/inicio\\\/wp-content\\\/uploads\\\/2021\\\/06\\\/Captura-de-Pantalla-2021-06-02-a-las-16.38.43.png\",\"contentUrl\":\"https:\\\/\\\/caritasrosario.com.ar\\\/inicio\\\/wp-content\\\/uploads\\\/2021\\\/06\\\/Captura-de-Pantalla-2021-06-02-a-las-16.38.43.png\",\"width\":366,\"height\":583},{\"@type\":\"BreadcrumbList\",\"@id\":\"https:\\\/\\\/caritasrosario.com.ar\\\/inicio\\\/como-ayudar\\\/#breadcrumb\",\"itemListElement\":[{\"@type\":\"ListItem\",\"position\":1,\"name\":\"Portada\",\"item\":\"https:\\\/\\\/caritasrosario.com.ar\\\/inicio\\\/\"},{\"@type\":\"ListItem\",\"position\":2,\"name\":\"\u00bfComo Ayudar?\"}]},{\"@type\":\"WebSite\",\"@id\":\"https:\\\/\\\/caritasrosario.com.ar\\\/inicio\\\/#website\",\"url\":\"https:\\\/\\\/caritasrosario.com.ar\\\/inicio\\\/\",\"name\":\"Caritas Rosario\",\"description\":\"Bienvenidos\",\"publisher\":{\"@id\":\"https:\\\/\\\/caritasrosario.com.ar\\\/inicio\\\/#organization\"},\"potentialAction\":[{\"@type\":\"SearchAction\",\"target\":{\"@type\":\"EntryPoint\",\"urlTemplate\":\"https:\\\/\\\/caritasrosario.com.ar\\\/inicio\\\/?s={search_term_string}\"},\"query-input\":{\"@type\":\"PropertyValueSpecification\",\"valueRequired\":true,\"valueName\":\"search_term_string\"}}],\"inLanguage\":\"es\"},{\"@type\":\"Organization\",\"@id\":\"https:\\\/\\\/caritasrosario.com.ar\\\/inicio\\\/#organization\",\"name\":\"Caritas Rosario\",\"url\":\"https:\\\/\\\/caritasrosario.com.ar\\\/inicio\\\/\",\"logo\":{\"@type\":\"ImageObject\",\"inLanguage\":\"es\",\"@id\":\"https:\\\/\\\/caritasrosario.com.ar\\\/inicio\\\/#\\\/schema\\\/logo\\\/image\\\/\",\"url\":\"https:\\\/\\\/caritasrosario.com.ar\\\/inicio\\\/wp-content\\\/uploads\\\/2021\\\/04\\\/cropped-cropped-caritas.png\",\"contentUrl\":\"https:\\\/\\\/caritasrosario.com.ar\\\/inicio\\\/wp-content\\\/uploads\\\/2021\\\/04\\\/cropped-cropped-caritas.png\",\"width\":166,\"height\":199,\"caption\":\"Caritas Rosario\"},\"image\":{\"@id\":\"https:\\\/\\\/caritasrosario.com.ar\\\/inicio\\\/#\\\/schema\\\/logo\\\/image\\\/\"}}]}<\/script>\n<!-- \/ Yoast SEO plugin. -->","yoast_head_json":{"title":"\u00bfComo Ayudar? - Caritas Rosario","description":"En el contexto de la emergencia sanitaria que estamos viviendo, la Colecta Anual de C\u00e1ritas se convierte en una oportunidad privilegiada de encuentro solidario. Hoy, m\u00e1s que nunca, nos reunimos como comunidad creyente para hacer un llamado a toda la sociedad, con el fin de crear mayor conciencia y promover el compromiso con los hermanos m\u00e1s pobres y excluidos de nuestro pa\u00eds.","robots":{"index":"index","follow":"follow","max-snippet":"max-snippet:-1","max-image-preview":"max-image-preview:large","max-video-preview":"max-video-preview:-1"},"canonical":"https:\/\/caritasrosario.com.ar\/inicio\/como-ayudar\/","og_locale":"es_ES","og_type":"article","og_title":"\u00bfComo Ayudar? - Caritas Rosario","og_description":"En el contexto de la emergencia sanitaria que estamos viviendo, la Colecta Anual de C\u00e1ritas se convierte en una oportunidad privilegiada de encuentro solidario. Hoy, m\u00e1s que nunca, nos reunimos como comunidad creyente para hacer un llamado a toda la sociedad, con el fin de crear mayor conciencia y promover el compromiso con los hermanos m\u00e1s pobres y excluidos de nuestro pa\u00eds.","og_url":"https:\/\/caritasrosario.com.ar\/inicio\/como-ayudar\/","og_site_name":"Caritas Rosario","article_modified_time":"2025-12-11T14:37:41+00:00","og_image":[{"width":366,"height":583,"url":"https:\/\/caritasrosario.com.ar\/inicio\/wp-content\/uploads\/2021\/06\/Captura-de-Pantalla-2021-06-02-a-las-16.38.43.png","type":"image\/png"}],"twitter_card":"summary_large_image","twitter_misc":{"Tiempo de lectura":"1 minuto"},"schema":{"@context":"https:\/\/schema.org","@graph":[{"@type":"WebPage","@id":"https:\/\/caritasrosario.com.ar\/inicio\/como-ayudar\/","url":"https:\/\/caritasrosario.com.ar\/inicio\/como-ayudar\/","name":"\u00bfComo Ayudar? - Caritas Rosario","isPartOf":{"@id":"https:\/\/caritasrosario.com.ar\/inicio\/#website"},"primaryImageOfPage":{"@id":"https:\/\/caritasrosario.com.ar\/inicio\/como-ayudar\/#primaryimage"},"image":{"@id":"https:\/\/caritasrosario.com.ar\/inicio\/como-ayudar\/#primaryimage"},"thumbnailUrl":"https:\/\/caritasrosario.com.ar\/inicio\/wp-content\/uploads\/2021\/06\/Captura-de-Pantalla-2021-06-02-a-las-16.38.43.png","datePublished":"2021-04-08T18:13:36+00:00","dateModified":"2025-12-11T14:37:41+00:00","description":"En el contexto de la emergencia sanitaria que estamos viviendo, la Colecta Anual de C\u00e1ritas se convierte en una oportunidad privilegiada de encuentro solidario. Hoy, m\u00e1s que nunca, nos reunimos como comunidad creyente para hacer un llamado a toda la sociedad, con el fin de crear mayor conciencia y promover el compromiso con los hermanos m\u00e1s pobres y excluidos de nuestro pa\u00eds.","breadcrumb":{"@id":"https:\/\/caritasrosario.com.ar\/inicio\/como-ayudar\/#breadcrumb"},"inLanguage":"es","potentialAction":[{"@type":"ReadAction","target":["https:\/\/caritasrosario.com.ar\/inicio\/como-ayudar\/"]}]},{"@type":"ImageObject","inLanguage":"es","@id":"https:\/\/caritasrosario.com.ar\/inicio\/como-ayudar\/#primaryimage","url":"https:\/\/caritasrosario.com.ar\/inicio\/wp-content\/uploads\/2021\/06\/Captura-de-Pantalla-2021-06-02-a-las-16.38.43.png","contentUrl":"https:\/\/caritasrosario.com.ar\/inicio\/wp-content\/uploads\/2021\/06\/Captura-de-Pantalla-2021-06-02-a-las-16.38.43.png","width":366,"height":583},{"@type":"BreadcrumbList","@id":"https:\/\/caritasrosario.com.ar\/inicio\/como-ayudar\/#breadcrumb","itemListElement":[{"@type":"ListItem","position":1,"name":"Portada","item":"https:\/\/caritasrosario.com.ar\/inicio\/"},{"@type":"ListItem","position":2,"name":"\u00bfComo Ayudar?"}]},{"@type":"WebSite","@id":"https:\/\/caritasrosario.com.ar\/inicio\/#website","url":"https:\/\/caritasrosario.com.ar\/inicio\/","name":"Caritas Rosario","description":"Bienvenidos","publisher":{"@id":"https:\/\/caritasrosario.com.ar\/inicio\/#organization"},"potentialAction":[{"@type":"SearchAction","target":{"@type":"EntryPoint","urlTemplate":"https:\/\/caritasrosario.com.ar\/inicio\/?s={search_term_string}"},"query-input":{"@type":"PropertyValueSpecification","valueRequired":true,"valueName":"search_term_string"}}],"inLanguage":"es"},{"@type":"Organization","@id":"https:\/\/caritasrosario.com.ar\/inicio\/#organization","name":"Caritas Rosario","url":"https:\/\/caritasrosario.com.ar\/inicio\/","logo":{"@type":"ImageObject","inLanguage":"es","@id":"https:\/\/caritasrosario.com.ar\/inicio\/#\/schema\/logo\/image\/","url":"https:\/\/caritasrosario.com.ar\/inicio\/wp-content\/uploads\/2021\/04\/cropped-cropped-caritas.png","contentUrl":"https:\/\/caritasrosario.com.ar\/inicio\/wp-content\/uploads\/2021\/04\/cropped-cropped-caritas.png","width":166,"height":199,"caption":"Caritas Rosario"},"image":{"@id":"https:\/\/caritasrosario.com.ar\/inicio\/#\/schema\/logo\/image\/"}}]}},"_links":{"self":[{"href":"https:\/\/caritasrosario.com.ar\/inicio\/wp-json\/wp\/v2\/pages\/13321","targetHints":{"allow":["GET"]}}],"collection":[{"href":"https:\/\/caritasrosario.com.ar\/inicio\/wp-json\/wp\/v2\/pages"}],"about":[{"href":"https:\/\/caritasrosario.com.ar\/inicio\/wp-json\/wp\/v2\/types\/page"}],"author":[{"embeddable":true,"href":"https:\/\/caritasrosario.com.ar\/inicio\/wp-json\/wp\/v2\/users\/2"}],"replies":[{"embeddable":true,"href":"https:\/\/caritasrosario.com.ar\/inicio\/wp-json\/wp\/v2\/comments?post=13321"}],"version-history":[{"count":8,"href":"https:\/\/caritasrosario.com.ar\/inicio\/wp-json\/wp\/v2\/pages\/13321\/revisions"}],"predecessor-version":[{"id":15783,"href":"https:\/\/caritasrosario.com.ar\/inicio\/wp-json\/wp\/v2\/pages\/13321\/revisions\/15783"}],"wp:attachment":[{"href":"https:\/\/caritasrosario.com.ar\/inicio\/wp-json\/wp\/v2\/media?parent=13321"}],"curies":[{"name":"wp","href":"https:\/\/api.w.org\/{rel}","templated":true}]}}