{"id":13671,"date":"2021-04-30T21:30:02","date_gmt":"2021-04-30T21:30:02","guid":{"rendered":"https:\/\/caritasrosario.com.ar\/inicio\/?page_id=13671"},"modified":"2022-06-29T14:31:24","modified_gmt":"2022-06-29T14:31:24","slug":"area-ciudadania","status":"publish","type":"page","link":"https:\/\/caritasrosario.com.ar\/inicio\/area-ciudadania\/","title":{"rendered":"Area Ciudadan\u00eda"},"content":{"rendered":"<p>Desde C\u00e1ritas entendemos que no hay inclusi\u00f3n social si no hay ciudadanos que puedan ser protagonistas de su desarrollo, el bien todos los ciudadanos tenemos derechos, no todos estamos en las mismas condiciones para ejercerlos y exigirlos.<\/p>\n<p>En el marco de nuestra misi\u00f3n, asumimos la responsabilidad y el compromiso de contribuir a la construcci\u00f3n de una sociedad m\u00e1s justa y solidaria, que promueva bases sustentables para la inclusi\u00f3n y el desarrollo pleno e Integral de todas las persona<\/p>\n","protected":false},"excerpt":{"rendered":"<p>Desde C\u00e1ritas entendemos que no hay inclusi\u00f3n social si no hay ciudadanos que puedan ser protagonistas de su desarrollo, el bien todos los ciudadanos tenemos derechos, no todos estamos en las mismas condiciones para ejercerlos y exigirlos. En el marco de nuestra misi\u00f3n, asumimos la responsabilidad y el compromiso de contribuir a la construcci\u00f3n de&#8230;<\/p>\n","protected":false},"author":2,"featured_media":0,"parent":0,"menu_order":0,"comment_status":"closed","ping_status":"closed","template":"","meta":{"footnotes":""},"class_list":["post-13671","page","type-page","status-publish","hentry"],"yoast_head":"<!-- This site is optimized with the Yoast SEO plugin v27.5 - https:\/\/yoast.com\/product\/yoast-seo-wordpress\/ -->\n<title>Area Ciudadan\u00eda - Caritas Rosario<\/title>\n<meta name=\"robots\" content=\"index, follow, max-snippet:-1, max-image-preview:large, max-video-preview:-1\" \/>\n<link rel=\"canonical\" href=\"https:\/\/caritasrosario.com.ar\/inicio\/area-ciudadania\/\" \/>\n<meta property=\"og:locale\" content=\"es_ES\" \/>\n<meta property=\"og:type\" content=\"article\" \/>\n<meta property=\"og:title\" content=\"Area Ciudadan\u00eda - Caritas Rosario\" \/>\n<meta property=\"og:description\" content=\"Desde C\u00e1ritas entendemos que no hay inclusi\u00f3n social si no hay ciudadanos que puedan ser protagonistas de su desarrollo, el bien todos los ciudadanos tenemos derechos, no todos estamos en las mismas condiciones para ejercerlos y exigirlos. En el marco de nuestra misi\u00f3n, asumimos la responsabilidad y el compromiso de contribuir a la construcci\u00f3n de...\" \/>\n<meta property=\"og:url\" content=\"https:\/\/caritasrosario.com.ar\/inicio\/area-ciudadania\/\" \/>\n<meta property=\"og:site_name\" content=\"Caritas Rosario\" \/>\n<meta property=\"article:modified_time\" content=\"2022-06-29T14:31:24+00:00\" \/>\n<meta name=\"twitter:card\" content=\"summary_large_image\" \/>\n<meta name=\"twitter:label1\" content=\"Tiempo de lectura\" \/>\n\t<meta name=\"twitter:data1\" content=\"1 minuto\" \/>\n<script type=\"application\/ld+json\" class=\"yoast-schema-graph\">{\"@context\":\"https:\\\/\\\/schema.org\",\"@graph\":[{\"@type\":\"WebPage\",\"@id\":\"https:\\\/\\\/caritasrosario.com.ar\\\/inicio\\\/area-ciudadania\\\/\",\"url\":\"https:\\\/\\\/caritasrosario.com.ar\\\/inicio\\\/area-ciudadania\\\/\",\"name\":\"Area Ciudadan\u00eda - Caritas Rosario\",\"isPartOf\":{\"@id\":\"https:\\\/\\\/caritasrosario.com.ar\\\/inicio\\\/#website\"},\"datePublished\":\"2021-04-30T21:30:02+00:00\",\"dateModified\":\"2022-06-29T14:31:24+00:00\",\"breadcrumb\":{\"@id\":\"https:\\\/\\\/caritasrosario.com.ar\\\/inicio\\\/area-ciudadania\\\/#breadcrumb\"},\"inLanguage\":\"es\",\"potentialAction\":[{\"@type\":\"ReadAction\",\"target\":[\"https:\\\/\\\/caritasrosario.com.ar\\\/inicio\\\/area-ciudadania\\\/\"]}]},{\"@type\":\"BreadcrumbList\",\"@id\":\"https:\\\/\\\/caritasrosario.com.ar\\\/inicio\\\/area-ciudadania\\\/#breadcrumb\",\"itemListElement\":[{\"@type\":\"ListItem\",\"position\":1,\"name\":\"Portada\",\"item\":\"https:\\\/\\\/caritasrosario.com.ar\\\/inicio\\\/\"},{\"@type\":\"ListItem\",\"position\":2,\"name\":\"Area Ciudadan\u00eda\"}]},{\"@type\":\"WebSite\",\"@id\":\"https:\\\/\\\/caritasrosario.com.ar\\\/inicio\\\/#website\",\"url\":\"https:\\\/\\\/caritasrosario.com.ar\\\/inicio\\\/\",\"name\":\"Caritas Rosario\",\"description\":\"Bienvenidos\",\"publisher\":{\"@id\":\"https:\\\/\\\/caritasrosario.com.ar\\\/inicio\\\/#organization\"},\"potentialAction\":[{\"@type\":\"SearchAction\",\"target\":{\"@type\":\"EntryPoint\",\"urlTemplate\":\"https:\\\/\\\/caritasrosario.com.ar\\\/inicio\\\/?s={search_term_string}\"},\"query-input\":{\"@type\":\"PropertyValueSpecification\",\"valueRequired\":true,\"valueName\":\"search_term_string\"}}],\"inLanguage\":\"es\"},{\"@type\":\"Organization\",\"@id\":\"https:\\\/\\\/caritasrosario.com.ar\\\/inicio\\\/#organization\",\"name\":\"Caritas Rosario\",\"url\":\"https:\\\/\\\/caritasrosario.com.ar\\\/inicio\\\/\",\"logo\":{\"@type\":\"ImageObject\",\"inLanguage\":\"es\",\"@id\":\"https:\\\/\\\/caritasrosario.com.ar\\\/inicio\\\/#\\\/schema\\\/logo\\\/image\\\/\",\"url\":\"https:\\\/\\\/caritasrosario.com.ar\\\/inicio\\\/wp-content\\\/uploads\\\/2021\\\/04\\\/cropped-cropped-caritas.png\",\"contentUrl\":\"https:\\\/\\\/caritasrosario.com.ar\\\/inicio\\\/wp-content\\\/uploads\\\/2021\\\/04\\\/cropped-cropped-caritas.png\",\"width\":166,\"height\":199,\"caption\":\"Caritas Rosario\"},\"image\":{\"@id\":\"https:\\\/\\\/caritasrosario.com.ar\\\/inicio\\\/#\\\/schema\\\/logo\\\/image\\\/\"}}]}<\/script>\n<!-- \/ Yoast SEO plugin. -->","yoast_head_json":{"title":"Area Ciudadan\u00eda - Caritas Rosario","robots":{"index":"index","follow":"follow","max-snippet":"max-snippet:-1","max-image-preview":"max-image-preview:large","max-video-preview":"max-video-preview:-1"},"canonical":"https:\/\/caritasrosario.com.ar\/inicio\/area-ciudadania\/","og_locale":"es_ES","og_type":"article","og_title":"Area Ciudadan\u00eda - Caritas Rosario","og_description":"Desde C\u00e1ritas entendemos que no hay inclusi\u00f3n social si no hay ciudadanos que puedan ser protagonistas de su desarrollo, el bien todos los ciudadanos tenemos derechos, no todos estamos en las mismas condiciones para ejercerlos y exigirlos. En el marco de nuestra misi\u00f3n, asumimos la responsabilidad y el compromiso de contribuir a la construcci\u00f3n de...","og_url":"https:\/\/caritasrosario.com.ar\/inicio\/area-ciudadania\/","og_site_name":"Caritas Rosario","article_modified_time":"2022-06-29T14:31:24+00:00","twitter_card":"summary_large_image","twitter_misc":{"Tiempo de lectura":"1 minuto"},"schema":{"@context":"https:\/\/schema.org","@graph":[{"@type":"WebPage","@id":"https:\/\/caritasrosario.com.ar\/inicio\/area-ciudadania\/","url":"https:\/\/caritasrosario.com.ar\/inicio\/area-ciudadania\/","name":"Area Ciudadan\u00eda - Caritas Rosario","isPartOf":{"@id":"https:\/\/caritasrosario.com.ar\/inicio\/#website"},"datePublished":"2021-04-30T21:30:02+00:00","dateModified":"2022-06-29T14:31:24+00:00","breadcrumb":{"@id":"https:\/\/caritasrosario.com.ar\/inicio\/area-ciudadania\/#breadcrumb"},"inLanguage":"es","potentialAction":[{"@type":"ReadAction","target":["https:\/\/caritasrosario.com.ar\/inicio\/area-ciudadania\/"]}]},{"@type":"BreadcrumbList","@id":"https:\/\/caritasrosario.com.ar\/inicio\/area-ciudadania\/#breadcrumb","itemListElement":[{"@type":"ListItem","position":1,"name":"Portada","item":"https:\/\/caritasrosario.com.ar\/inicio\/"},{"@type":"ListItem","position":2,"name":"Area Ciudadan\u00eda"}]},{"@type":"WebSite","@id":"https:\/\/caritasrosario.com.ar\/inicio\/#website","url":"https:\/\/caritasrosario.com.ar\/inicio\/","name":"Caritas Rosario","description":"Bienvenidos","publisher":{"@id":"https:\/\/caritasrosario.com.ar\/inicio\/#organization"},"potentialAction":[{"@type":"SearchAction","target":{"@type":"EntryPoint","urlTemplate":"https:\/\/caritasrosario.com.ar\/inicio\/?s={search_term_string}"},"query-input":{"@type":"PropertyValueSpecification","valueRequired":true,"valueName":"search_term_string"}}],"inLanguage":"es"},{"@type":"Organization","@id":"https:\/\/caritasrosario.com.ar\/inicio\/#organization","name":"Caritas Rosario","url":"https:\/\/caritasrosario.com.ar\/inicio\/","logo":{"@type":"ImageObject","inLanguage":"es","@id":"https:\/\/caritasrosario.com.ar\/inicio\/#\/schema\/logo\/image\/","url":"https:\/\/caritasrosario.com.ar\/inicio\/wp-content\/uploads\/2021\/04\/cropped-cropped-caritas.png","contentUrl":"https:\/\/caritasrosario.com.ar\/inicio\/wp-content\/uploads\/2021\/04\/cropped-cropped-caritas.png","width":166,"height":199,"caption":"Caritas Rosario"},"image":{"@id":"https:\/\/caritasrosario.com.ar\/inicio\/#\/schema\/logo\/image\/"}}]}},"_links":{"self":[{"href":"https:\/\/caritasrosario.com.ar\/inicio\/wp-json\/wp\/v2\/pages\/13671","targetHints":{"allow":["GET"]}}],"collection":[{"href":"https:\/\/caritasrosario.com.ar\/inicio\/wp-json\/wp\/v2\/pages"}],"about":[{"href":"https:\/\/caritasrosario.com.ar\/inicio\/wp-json\/wp\/v2\/types\/page"}],"author":[{"embeddable":true,"href":"https:\/\/caritasrosario.com.ar\/inicio\/wp-json\/wp\/v2\/users\/2"}],"replies":[{"embeddable":true,"href":"https:\/\/caritasrosario.com.ar\/inicio\/wp-json\/wp\/v2\/comments?post=13671"}],"version-history":[{"count":5,"href":"https:\/\/caritasrosario.com.ar\/inicio\/wp-json\/wp\/v2\/pages\/13671\/revisions"}],"predecessor-version":[{"id":15093,"href":"https:\/\/caritasrosario.com.ar\/inicio\/wp-json\/wp\/v2\/pages\/13671\/revisions\/15093"}],"wp:attachment":[{"href":"https:\/\/caritasrosario.com.ar\/inicio\/wp-json\/wp\/v2\/media?parent=13671"}],"curies":[{"name":"wp","href":"https:\/\/api.w.org\/{rel}","templated":true}]}}